{"id":1617,"date":"2022-02-08T10:49:59","date_gmt":"2022-02-08T10:49:59","guid":{"rendered":"https:\/\/frenoceramiche.it\/showroom\/"},"modified":"2026-01-07T16:52:14","modified_gmt":"2026-01-07T16:52:14","slug":"showroom","status":"publish","type":"page","link":"https:\/\/frenoceramiche.it\/fr\/","title":{"rendered":"SHOW-ROOM"},"content":{"rendered":"<p>[et_pb_section fb_built=\u00a0\u00bb1&Prime; fullwidth=\u00a0\u00bbon\u00a0\u00bb _builder_version=\u00a0\u00bb4.16&Prime; _module_preset=\u00a0\u00bbdefault\u00a0\u00bb global_colors_info=\u00a0\u00bb{}\u00a0\u00bb][et_pb_fullwidth_image src=\u00a0\u00bbhttps:\/\/frenoceramiche.it\/wp-content\/uploads\/2022\/02\/Frenoceramiche_hero-image.jpg\u00a0\u00bb title_text=\u00a0\u00bbFrenoceramiche_hero-image-mobile\u00a0\u00bb src_tablet=\u00a0\u00bbhttps:\/\/frenoceramiche.it\/wp-content\/uploads\/2022\/02\/Frenoceramiche_hero-image-mobile.jpg\u00a0\u00bb src_phone=\u00a0\u00bbhttps:\/\/frenoceramiche.it\/wp-content\/uploads\/2022\/02\/Frenoceramiche_hero-image-mobile.jpg\u00a0\u00bb src_last_edited=\u00a0\u00bbon|desktop\u00a0\u00bb _builder_version=\u00a0\u00bb4.27.4&Prime; _module_preset=\u00a0\u00bbdefault\u00a0\u00bb hover_enabled=\u00a0\u00bb0&Prime; global_colors_info=\u00a0\u00bb{}\u00a0\u00bb sticky_enabled=\u00a0\u00bb0&Prime;][\/et_pb_fullwidth_image][\/et_pb_section][et_pb_section fb_built=\u00a0\u00bb1&Prime; custom_padding_last_edited=\u00a0\u00bbon|tablet\u00a0\u00bb _builder_version=\u00a0\u00bb4.16&Prime; _module_preset=\u00a0\u00bbdefault\u00a0\u00bb custom_padding_tablet=\u00a0\u00bb40px||30px||false|false\u00a0\u00bb custom_padding_phone=\u00a0\u00bb30px||20px||false|false\u00a0\u00bb global_colors_info=\u00a0\u00bb{}\u00a0\u00bb][et_pb_row custom_padding_last_edited=\u00a0\u00bbon|phone\u00a0\u00bb _builder_version=\u00a0\u00bb4.16&Prime; _module_preset=\u00a0\u00bbdefault\u00a0\u00bb custom_padding=\u00a0\u00bb||40px||false|false\u00a0\u00bb custom_padding_tablet=\u00a0\u00bb||40px||false|false\u00a0\u00bb custom_padding_phone=\u00a0\u00bb||20px||false|false\u00a0\u00bb global_colors_info=\u00a0\u00bb{}\u00a0\u00bb][et_pb_column type=\u00a0\u00bb4_4&Prime; _builder_version=\u00a0\u00bb4.16&Prime; _module_preset=\u00a0\u00bbdefault\u00a0\u00bb global_colors_info=\u00a0\u00bb{}\u00a0\u00bb][et_pb_text _builder_version=\u00a0\u00bb4.16&Prime; _module_preset=\u00a0\u00bbdefault\u00a0\u00bb header_font=\u00a0\u00bb|700||on|||||\u00a0\u00bb header_2_font=\u00a0\u00bb||on||||||\u00a0\u00bb header_2_text_color=\u00a0\u00bb#8c8b8b\u00a0\u00bb text_orientation=\u00a0\u00bbcenter\u00a0\u00bb header_2_font_size_tablet=\u00a0\u00bb\u00a0\u00bb header_2_font_size_phone=\u00a0\u00bb22px\u00a0\u00bb header_2_font_size_last_edited=\u00a0\u00bbon|phone\u00a0\u00bb global_colors_info=\u00a0\u00bb{}\u00a0\u00bb]<\/p>\n<h1>Freno Ceramiche<\/h1>\n<h2>Pour vivre pleinement vos espaces\u2026\u200b\u200b<\/h2>\n<p>[\/et_pb_text][\/et_pb_column][\/et_pb_row][et_pb_row column_structure=\u00a0\u00bb1_5,1_5,1_5,1_5,1_5&Prime; use_custom_gutter=\u00a0\u00bbon\u00a0\u00bb _builder_version=\u00a0\u00bb4.16&Prime; _module_preset=\u00a0\u00bbdefault\u00a0\u00bb custom_padding=\u00a0\u00bb0px||||false|false\u00a0\u00bb global_colors_info=\u00a0\u00bb{}\u00a0\u00bb][et_pb_column type=\u00a0\u00bb1_5&Prime; _builder_version=\u00a0\u00bb4.16&Prime; _module_preset=\u00a0\u00bbdefault\u00a0\u00bb global_colors_info=\u00a0\u00bb{}\u00a0\u00bb][et_pb_blurb title=\u00a0\u00bbREV\u00caTEMENTS DE<br \/>SOL ET DE MUR\u00a0\u00bb url=\u00a0\u00bbhttps:\/\/frenoceramiche.it\/fr\/revetements-de-sol-et-de-mur\/\u00a0\u00bb image_icon_background_color=\u00a0\u00bb#E02B20&Prime; image=\u00a0\u00bbhttps:\/\/frenoceramiche.it\/wp-content\/uploads\/2022\/02\/Frenoceramiche_pavimenti-rivestimenti.jpg\u00a0\u00bb image_icon_background_color_tablet=\u00a0\u00bb#E02B20&Prime; image_icon_background_color_phone=\u00a0\u00bb#E02B20&Prime; image_icon_background_color_last_edited=\u00a0\u00bbon|desktop\u00a0\u00bb _builder_version=\u00a0\u00bb4.16&Prime; _module_preset=\u00a0\u00bbdefault\u00a0\u00bb header_font=\u00a0\u00bb|700||on|||||\u00a0\u00bb text_orientation=\u00a0\u00bbcenter\u00a0\u00bb animation_style=\u00a0\u00bbzoom\u00a0\u00bb animation_intensity_zoom=\u00a0\u00bb16%\u00a0\u00bb animation=\u00a0\u00bboff\u00a0\u00bb link_option_url=\u00a0\u00bbhttps:\/\/frenoceramiche.it\/fr\/revetements-de-sol-et-de-mur\/\u00a0\u00bb global_colors_info=\u00a0\u00bb{}\u00a0\u00bb image_icon_background_color__hover_enabled=\u00a0\u00bbon|hover\u00a0\u00bb image_icon_background_color__hover=\u00a0\u00bb#E02B20&Prime;][\/et_pb_blurb][\/et_pb_column][et_pb_column type=\u00a0\u00bb1_5&Prime; _builder_version=\u00a0\u00bb4.16&Prime; _module_preset=\u00a0\u00bbdefault\u00a0\u00bb global_colors_info=\u00a0\u00bb{}\u00a0\u00bb][et_pb_blurb title=\u00a0\u00bbMEUBLES DE<br \/>SALLE DE BAINS\u00a0\u00bb url=\u00a0\u00bbhttps:\/\/frenoceramiche.it\/fr\/meubles-de-salle-de-bains\/\u00a0\u00bb image=\u00a0\u00bbhttps:\/\/frenoceramiche.it\/wp-content\/uploads\/2022\/02\/Frenoceramiche_arredo-bagno.jpg\u00a0\u00bb _builder_version=\u00a0\u00bb4.16&Prime; _module_preset=\u00a0\u00bbdefault\u00a0\u00bb header_font=\u00a0\u00bb|700||on|||||\u00a0\u00bb text_orientation=\u00a0\u00bbcenter\u00a0\u00bb animation_style=\u00a0\u00bbzoom\u00a0\u00bb animation_intensity_zoom=\u00a0\u00bb16%\u00a0\u00bb animation=\u00a0\u00bboff\u00a0\u00bb link_option_url=\u00a0\u00bbhttps:\/\/frenoceramiche.it\/fr\/meubles-de-salle-de-bains\/\u00a0\u00bb global_colors_info=\u00a0\u00bb{}\u00a0\u00bb][\/et_pb_blurb][\/et_pb_column][et_pb_column type=\u00a0\u00bb1_5&Prime; _builder_version=\u00a0\u00bb4.16&Prime; _module_preset=\u00a0\u00bbdefault\u00a0\u00bb global_colors_info=\u00a0\u00bb{}\u00a0\u00bb][et_pb_blurb title=\u00a0\u00bbPO\u00caLES ET<br \/>CHEMIN\u00c9ES\u00a0\u00bb url=\u00a0\u00bbhttps:\/\/frenoceramiche.it\/fr\/poeles-et-cheminees\/\u00a0\u00bb image=\u00a0\u00bbhttps:\/\/frenoceramiche.it\/wp-content\/uploads\/2022\/02\/Frenoceramiche_stufe-caminetti.jpg\u00a0\u00bb _builder_version=\u00a0\u00bb4.16&Prime; _module_preset=\u00a0\u00bbdefault\u00a0\u00bb header_font=\u00a0\u00bb|700||on|||||\u00a0\u00bb text_orientation=\u00a0\u00bbcenter\u00a0\u00bb animation_style=\u00a0\u00bbzoom\u00a0\u00bb animation_intensity_zoom=\u00a0\u00bb16%\u00a0\u00bb animation=\u00a0\u00bboff\u00a0\u00bb link_option_url=\u00a0\u00bbhttps:\/\/frenoceramiche.it\/fr\/poeles-et-cheminees\/\u00a0\u00bb global_colors_info=\u00a0\u00bb{}\u00a0\u00bb][\/et_pb_blurb][\/et_pb_column][et_pb_column type=\u00a0\u00bb1_5&Prime; _builder_version=\u00a0\u00bb4.16&Prime; _module_preset=\u00a0\u00bbdefault\u00a0\u00bb global_colors_info=\u00a0\u00bb{}\u00a0\u00bb][et_pb_blurb title=\u00a0\u00bbSOLUTIONS POUR<br \/>L\u2019EXT\u00c9RIEUR\u00a0\u00bb url=\u00a0\u00bbhttps:\/\/frenoceramiche.it\/fr\/solutions-pour-lexterieur\/\u00a0\u00bb image=\u00a0\u00bbhttps:\/\/frenoceramiche.it\/wp-content\/uploads\/2022\/02\/Frenoceramiche_soluzioni-esterno.jpg\u00a0\u00bb _builder_version=\u00a0\u00bb4.16&Prime; _module_preset=\u00a0\u00bbdefault\u00a0\u00bb header_font=\u00a0\u00bb|700||on|||||\u00a0\u00bb text_orientation=\u00a0\u00bbcenter\u00a0\u00bb animation_style=\u00a0\u00bbzoom\u00a0\u00bb animation_intensity_zoom=\u00a0\u00bb16%\u00a0\u00bb animation=\u00a0\u00bboff\u00a0\u00bb link_option_url=\u00a0\u00bbhttps:\/\/frenoceramiche.it\/fr\/solutions-pour-lexterieur\/\u00a0\u00bb global_colors_info=\u00a0\u00bb{}\u00a0\u00bb][\/et_pb_blurb][\/et_pb_column][et_pb_column type=\u00a0\u00bb1_5&Prime; _builder_version=\u00a0\u00bb4.16&Prime; _module_preset=\u00a0\u00bbdefault\u00a0\u00bb global_colors_info=\u00a0\u00bb{}\u00a0\u00bb][et_pb_blurb title=\u00a0\u00bbPROJETS<br \/>R\u00c9ALIS\u00c9S\u00a0\u00bb url=\u00a0\u00bbhttps:\/\/frenoceramiche.it\/fr\/projets-realises\/\u00a0\u00bb image=\u00a0\u00bbhttps:\/\/frenoceramiche.it\/wp-content\/uploads\/2022\/02\/Frenoceramiche_progetti-realizzati.jpg\u00a0\u00bb _builder_version=\u00a0\u00bb4.16&Prime; _module_preset=\u00a0\u00bbdefault\u00a0\u00bb header_font=\u00a0\u00bb|700||on|||||\u00a0\u00bb text_orientation=\u00a0\u00bbcenter\u00a0\u00bb animation_style=\u00a0\u00bbzoom\u00a0\u00bb animation_intensity_zoom=\u00a0\u00bb16%\u00a0\u00bb animation=\u00a0\u00bboff\u00a0\u00bb link_option_url=\u00a0\u00bbhttps:\/\/frenoceramiche.it\/fr\/projets-realises\/\u00a0\u00bb global_colors_info=\u00a0\u00bb{}\u00a0\u00bb][\/et_pb_blurb][\/et_pb_column][\/et_pb_row][\/et_pb_section][et_pb_section fb_built=\u00a0\u00bb1&Prime; custom_padding_last_edited=\u00a0\u00bbon|tablet\u00a0\u00bb _builder_version=\u00a0\u00bb4.16&Prime; _module_preset=\u00a0\u00bbdefault\u00a0\u00bb background_color=\u00a0\u00bb#f7f5f4&Prime; custom_padding_tablet=\u00a0\u00bb40px||35px||false|false\u00a0\u00bb custom_padding_phone=\u00a0\u00bb30px||30px||true|false\u00a0\u00bb global_colors_info=\u00a0\u00bb{}\u00a0\u00bb][et_pb_row column_structure=\u00a0\u00bb1_2,1_4,1_4&Prime; _builder_version=\u00a0\u00bb4.16&Prime; _module_preset=\u00a0\u00bbdefault\u00a0\u00bb global_colors_info=\u00a0\u00bb{}\u00a0\u00bb][et_pb_column type=\u00a0\u00bb1_2&Prime; _builder_version=\u00a0\u00bb4.16&Prime; _module_preset=\u00a0\u00bbdefault\u00a0\u00bb global_colors_info=\u00a0\u00bb{}\u00a0\u00bb][et_pb_text _builder_version=\u00a0\u00bb4.16&Prime; _module_preset=\u00a0\u00bbdefault\u00a0\u00bb header_2_font=\u00a0\u00bb|600|||||||\u00a0\u00bb custom_margin=\u00a0\u00bb||20px||false|false\u00a0\u00bb text_orientation_tablet=\u00a0\u00bbcenter\u00a0\u00bb text_orientation_phone=\u00a0\u00bbcenter\u00a0\u00bb text_orientation_last_edited=\u00a0\u00bbon|tablet\u00a0\u00bb global_colors_info=\u00a0\u00bb{}\u00a0\u00bb]<\/p>\n<h2>Du style classique et raffin\u00e9 au style moderne et contemporain<\/h2>\n<p>[\/et_pb_text][et_pb_image src=\u00a0\u00bbhttps:\/\/frenoceramiche.it\/wp-content\/uploads\/2022\/02\/Frenoceramiche_negozio.jpg\u00a0\u00bb title_text=\u00a0\u00bbFrenoceramiche_negozio\u00a0\u00bb align=\u00a0\u00bbcenter\u00a0\u00bb _builder_version=\u00a0\u00bb4.16&Prime; _module_preset=\u00a0\u00bbdefault\u00a0\u00bb global_colors_info=\u00a0\u00bb{}\u00a0\u00bb][\/et_pb_image][\/et_pb_column][et_pb_column type=\u00a0\u00bb1_4&Prime; _builder_version=\u00a0\u00bb4.16&Prime; _module_preset=\u00a0\u00bbdefault\u00a0\u00bb global_colors_info=\u00a0\u00bb{}\u00a0\u00bb][et_pb_blurb title=\u00a0\u00bbShow-room\u00a0\u00bb use_icon=\u00a0\u00bbon\u00a0\u00bb font_icon=\u00a0\u00bb&#xf45c;||fa||900&Prime; icon_placement=\u00a0\u00bbleft\u00a0\u00bb content_max_width=\u00a0\u00bb100%\u00a0\u00bb _builder_version=\u00a0\u00bb4.16&Prime; _module_preset=\u00a0\u00bbdefault\u00a0\u00bb header_level=\u00a0\u00bbh3&Prime; header_font=\u00a0\u00bb|600|||||||\u00a0\u00bb custom_margin=\u00a0\u00bb||25px||false|false\u00a0\u00bb animation=\u00a0\u00bboff\u00a0\u00bb global_colors_info=\u00a0\u00bb{}\u00a0\u00bb]<\/p>\n<p>Avec 450\u00a0m\u00b2 de salle d\u2019exposition, notre personnel hautement qualifi\u00e9 accueille et soutient les visiteurs tous les jours, en offrant une large gamme de produits et de marques, pour r\u00e9pondre aux diff\u00e9rents besoins de nos clients.<\/p>\n<p>[\/et_pb_blurb][et_pb_blurb use_icon=\u00a0\u00bbon\u00a0\u00bb font_icon=\u00a0\u00bb&#x7d;||divi||400&Prime; icon_color=\u00a0\u00bb#161615&Prime; image_icon_width=\u00a0\u00bb33px\u00a0\u00bb content_max_width=\u00a0\u00bb100%\u00a0\u00bb _builder_version=\u00a0\u00bb4.16&Prime; _module_preset=\u00a0\u00bbdefault\u00a0\u00bb background_color=\u00a0\u00bb#FFFFFF\u00a0\u00bb text_orientation=\u00a0\u00bbcenter\u00a0\u00bb custom_margin_tablet=\u00a0\u00bb\u00a0\u00bb custom_margin_phone=\u00a0\u00bb||20px||false|false\u00a0\u00bb custom_margin_last_edited=\u00a0\u00bbon|phone\u00a0\u00bb custom_padding=\u00a0\u00bb20px|20px|20px|20px|true|true\u00a0\u00bb custom_css_blurb_image=\u00a0\u00bbmargin-bottom: 5px\u00a0\u00bb border_width_all=\u00a0\u00bb1px\u00a0\u00bb border_color_all=\u00a0\u00bb#c2c72f\u00a0\u00bb global_colors_info=\u00a0\u00bb{}\u00a0\u00bb]<\/p>\n<p>Du lundi au vendredi<br \/>8.00 &#8211; 12.00 \/ 14.00 &#8211; 18.30<br \/>Samedi 8.00 &#8211; 12.00<\/p>\n<p>[\/et_pb_blurb][\/et_pb_column][et_pb_column type=\u00a0\u00bb1_4&Prime; _builder_version=\u00a0\u00bb4.16&Prime; _module_preset=\u00a0\u00bbdefault\u00a0\u00bb global_colors_info=\u00a0\u00bb{}\u00a0\u00bb][et_pb_blurb title=\u00a0\u00bbEntrep\u00f4t\u00a0\u00bb use_icon=\u00a0\u00bbon\u00a0\u00bb font_icon=\u00a0\u00bb&#xf45c;||fa||900&Prime; icon_color=\u00a0\u00bb#9c276a\u00a0\u00bb icon_placement=\u00a0\u00bbleft\u00a0\u00bb content_max_width=\u00a0\u00bb100%\u00a0\u00bb _builder_version=\u00a0\u00bb4.16&Prime; _module_preset=\u00a0\u00bbdefault\u00a0\u00bb header_level=\u00a0\u00bbh3&Prime; header_font=\u00a0\u00bb|600|||||||\u00a0\u00bb custom_margin=\u00a0\u00bb||25px||false|false\u00a0\u00bb animation=\u00a0\u00bboff\u00a0\u00bb global_colors_info=\u00a0\u00bb{}\u00a0\u00bb]<\/p>\n<p>Notre entrep\u00f4t de 2300 m\u00b2 offre un vaste \u00e9talage de mat\u00e9riaux d\u2019ext\u00e9rieur: pierre naturelle, fours, barbecues et fontaines. Nous garantissons \u00e9galement une man\u0153uvrabilit\u00e9 facile pour le chargement et le d\u00e9chargement des marchandises.<\/p>\n<p>[\/et_pb_blurb][et_pb_blurb use_icon=\u00a0\u00bbon\u00a0\u00bb font_icon=\u00a0\u00bb&#x7d;||divi||400&Prime; icon_color=\u00a0\u00bb#161615&Prime; image_icon_width=\u00a0\u00bb33px\u00a0\u00bb content_max_width=\u00a0\u00bb100%\u00a0\u00bb content_tablet=\u00a0\u00bb<\/p>\n<p>Du lundi au vendredi<br \/>8.00 &#8211; 12.00 \/ 14.00 &#8211; 18.00<br \/>Samedi 8.00 &#8211; 12.00<\/p>\n<p>\u00a0\u00bb content_phone=\u00a0\u00bb<\/p>\n<p>Du lundi au vendredi<br \/>8.00 &#8211; 12.00 \/ 14.00 &#8211; 18.00<br \/>Samedi 8.00 &#8211; 12.00<\/p>\n<p>\u00a0\u00bb content_last_edited=\u00a0\u00bbon|phone\u00a0\u00bb _builder_version=\u00a0\u00bb4.16&Prime; _module_preset=\u00a0\u00bbdefault\u00a0\u00bb background_color=\u00a0\u00bb#FFFFFF\u00a0\u00bb text_orientation=\u00a0\u00bbcenter\u00a0\u00bb custom_padding=\u00a0\u00bb20px|20px|20px|20px|true|true\u00a0\u00bb custom_css_blurb_image=\u00a0\u00bbmargin-bottom: 5px\u00a0\u00bb border_width_all=\u00a0\u00bb1px\u00a0\u00bb border_color_all=\u00a0\u00bb#9c276a\u00a0\u00bb global_colors_info=\u00a0\u00bb{}\u00a0\u00bb]<\/p>\n<p>Du lundi au vendredi<br \/>8.00 &#8211; 12.00 \/ 14.00 &#8211; 18.00<br \/>Samedi 8.00 &#8211; 12.00<\/p>\n<p>[\/et_pb_blurb][\/et_pb_column][\/et_pb_row][\/et_pb_section][et_pb_section fb_built=\u00a0\u00bb1&Prime; custom_padding_last_edited=\u00a0\u00bbon|tablet\u00a0\u00bb _builder_version=\u00a0\u00bb4.16&Prime; _module_preset=\u00a0\u00bbdefault\u00a0\u00bb custom_padding_tablet=\u00a0\u00bb30px||40px||false|false\u00a0\u00bb custom_padding_phone=\u00a0\u00bb25px||30px||false|false\u00a0\u00bb global_colors_info=\u00a0\u00bb{}\u00a0\u00bb][et_pb_row column_structure=\u00a0\u00bb1_2,1_2&Prime; _builder_version=\u00a0\u00bb4.16&Prime; _module_preset=\u00a0\u00bbdefault\u00a0\u00bb global_colors_info=\u00a0\u00bb{}\u00a0\u00bb][et_pb_column type=\u00a0\u00bb1_2&Prime; _builder_version=\u00a0\u00bb4.16&Prime; _module_preset=\u00a0\u00bbdefault\u00a0\u00bb custom_padding=\u00a0\u00bb2%||||false|false\u00a0\u00bb global_colors_info=\u00a0\u00bb{}\u00a0\u00bb][et_pb_blurb title=\u00a0\u00bbPlus de 50 ans d\u2019exp\u00e9rience\u00a0\u00bb image=\u00a0\u00bbhttps:\/\/frenoceramiche.it\/wp-content\/uploads\/2022\/02\/Frenoceramiche_logo-50-anni.jpg\u00a0\u00bb icon_placement=\u00a0\u00bbleft\u00a0\u00bb image_icon_width=\u00a0\u00bb100%\u00a0\u00bb content_max_width=\u00a0\u00bb100%\u00a0\u00bb _builder_version=\u00a0\u00bb4.16&Prime; _module_preset=\u00a0\u00bbdefault\u00a0\u00bb header_level=\u00a0\u00bbh2&Prime; header_font=\u00a0\u00bb|600|||||||\u00a0\u00bb body_font=\u00a0\u00bb||||||||\u00a0\u00bb body_font_size=\u00a0\u00bb18px\u00a0\u00bb custom_margin=\u00a0\u00bb||20px||false|false\u00a0\u00bb animation=\u00a0\u00bboff\u00a0\u00bb custom_css_blurb_image=\u00a0\u00bbwidth: 120px;\u00a0\u00bb global_colors_info=\u00a0\u00bb{}\u00a0\u00bb]<\/p>\n<p>C\u00e9ramique, po\u00eales \u00e0 bois, po\u00eales \u00e0 granul\u00e9s, meubles de salle de bains, portes, fours, barbecues et mat\u00e9riaux d\u2019ext\u00e9rieur \u00e0 Camporosso, province d\u2019Imperia.<\/p>\n<p>[\/et_pb_blurb][et_pb_text _builder_version=\u00a0\u00bb4.16&Prime; _module_preset=\u00a0\u00bbdefault\u00a0\u00bb header_2_font=\u00a0\u00bb|600|||||||\u00a0\u00bb global_colors_info=\u00a0\u00bb{}\u00a0\u00bb]<\/p>\n<p>La soci\u00e9t\u00e9 a \u00e9t\u00e9 fond\u00e9e en\u00a0<strong>1970<\/strong> gr\u00e2ce \u00e0 l\u2019intuition du d\u00e9veloppement dans le secteur du b\u00e2timent du fondateur<strong> Freno Giuseppe<\/strong> et est devenue, au fil des ans, un point de r\u00e9f\u00e9rence pour de nombreux op\u00e9rateurs du secteur.<\/p>\n<p>Garantissant professionnalisme, s\u00e9rieux et comp\u00e9tence, notre personnel accompagnera le client dans le choix, l\u2019\u00e9valuation et la conception, en proposant des alternatives et des pistes de r\u00e9flexion, en fonction de l\u2019espace, du contexte et du go\u00fbt personnel.<\/p>\n<p>[\/et_pb_text][\/et_pb_column][et_pb_column type=\u00a0\u00bb1_2&Prime; _builder_version=\u00a0\u00bb4.16&Prime; _module_preset=\u00a0\u00bbdefault\u00a0\u00bb global_colors_info=\u00a0\u00bb{}\u00a0\u00bb][et_pb_image src=\u00a0\u00bbhttps:\/\/frenoceramiche.it\/wp-content\/uploads\/2022\/02\/Frenoceramiche_esperienza.jpg\u00a0\u00bb title_text=\u00a0\u00bbFrenoceramiche_esperienza\u00a0\u00bb align=\u00a0\u00bbcenter\u00a0\u00bb _builder_version=\u00a0\u00bb4.16&Prime; _module_preset=\u00a0\u00bbdefault\u00a0\u00bb global_colors_info=\u00a0\u00bb{}\u00a0\u00bb][\/et_pb_image][\/et_pb_column][\/et_pb_row][\/et_pb_section][et_pb_section fb_built=\u00a0\u00bb1&Prime; _builder_version=\u00a0\u00bb4.14.7&Prime; _module_preset=\u00a0\u00bbdefault\u00a0\u00bb background_color=\u00a0\u00bbrgba(194,199,47,0.8)\u00a0\u00bb custom_padding=\u00a0\u00bb55px||55px||true|false\u00a0\u00bb global_module=\u00a0\u00bb1651&Prime; saved_tabs=\u00a0\u00bball\u00a0\u00bb global_colors_info=\u00a0\u00bb{}\u00a0\u00bb][et_pb_row column_structure=\u00a0\u00bb3_5,2_5&Prime; _builder_version=\u00a0\u00bb4.16&Prime; _module_preset=\u00a0\u00bbdefault\u00a0\u00bb custom_padding=\u00a0\u00bb0px||0px||true|false\u00a0\u00bb global_colors_info=\u00a0\u00bb{}\u00a0\u00bb][et_pb_column type=\u00a0\u00bb3_5&Prime; _builder_version=\u00a0\u00bb4.16&Prime; _module_preset=\u00a0\u00bbdefault\u00a0\u00bb global_colors_info=\u00a0\u00bb{}\u00a0\u00bb][et_pb_text _builder_version=\u00a0\u00bb4.16&Prime; _module_preset=\u00a0\u00bbdefault\u00a0\u00bb header_2_font=\u00a0\u00bb|700|||||||\u00a0\u00bb header_2_font_size=\u00a0\u00bb36px\u00a0\u00bb custom_margin=\u00a0\u00bb||||false|false\u00a0\u00bb custom_padding=\u00a0\u00bb||0px||false|false\u00a0\u00bb header_2_font_size_tablet=\u00a0\u00bb\u00a0\u00bb header_2_font_size_phone=\u00a0\u00bb30px\u00a0\u00bb header_2_font_size_last_edited=\u00a0\u00bbon|phone\u00a0\u00bb text_orientation_tablet=\u00a0\u00bbcenter\u00a0\u00bb text_orientation_phone=\u00a0\u00bb\u00a0\u00bb text_orientation_last_edited=\u00a0\u00bbon|tablet\u00a0\u00bb global_colors_info=\u00a0\u00bb{}\u00a0\u00bb]<\/p>\n<h2>Parlez \u00e0 un expert, confiez-vous \u00e0 nous!<\/h2>\n<p>[\/et_pb_text][\/et_pb_column][et_pb_column type=\u00a0\u00bb2_5&Prime; _builder_version=\u00a0\u00bb4.16&Prime; _module_preset=\u00a0\u00bbdefault\u00a0\u00bb global_colors_info=\u00a0\u00bb{}\u00a0\u00bb][et_pb_button button_url=\u00a0\u00bbhttps:\/\/frenoceramiche.it\/fr\/contacts\/\u00a0\u00bb button_text=\u00a0\u00bbCONTACTEZ-NOUS\u00a0\u00bb button_alignment=\u00a0\u00bbcenter\u00a0\u00bb _builder_version=\u00a0\u00bb4.16&Prime; _module_preset=\u00a0\u00bbdefault\u00a0\u00bb custom_padding=\u00a0\u00bb15px|45px|15px|45px|true|true\u00a0\u00bb global_colors_info=\u00a0\u00bb{}\u00a0\u00bb custom_css_main_element_last_edited=\u00a0\u00bbon|phone\u00a0\u00bb custom_css_main_element_phone=\u00a0\u00bbwidth:100%;\u00a0\u00bb][\/et_pb_button][\/et_pb_column][\/et_pb_row][\/et_pb_section]<\/p>\n","protected":false},"excerpt":{"rendered":"<p>Freno Ceramiche Pour vivre pleinement vos espaces\u2026\u200b\u200bDu style classique et raffin\u00e9 au style moderne et contemporainAvec 450\u00a0m\u00b2 de salle d\u2019exposition, notre personnel hautement qualifi\u00e9 accueille et soutient les visiteurs tous les jours, en offrant une large gamme de produits et de marques, pour r\u00e9pondre aux diff\u00e9rents besoins de nos clients.Du lundi au vendredi8.00 &#8211; 12.00 [&hellip;]<\/p>\n","protected":false},"author":1,"featured_media":0,"parent":0,"menu_order":0,"comment_status":"closed","ping_status":"closed","template":"","meta":{"_et_pb_use_builder":"on","_et_pb_old_content":"","_et_gb_content_width":"","_vp_format_video_url":"","_vp_image_focal_point":[],"footnotes":""},"class_list":["post-1617","page","type-page","status-publish","hentry"],"_links":{"self":[{"href":"https:\/\/frenoceramiche.it\/fr\/wp-json\/wp\/v2\/pages\/1617","targetHints":{"allow":["GET"]}}],"collection":[{"href":"https:\/\/frenoceramiche.it\/fr\/wp-json\/wp\/v2\/pages"}],"about":[{"href":"https:\/\/frenoceramiche.it\/fr\/wp-json\/wp\/v2\/types\/page"}],"author":[{"embeddable":true,"href":"https:\/\/frenoceramiche.it\/fr\/wp-json\/wp\/v2\/users\/1"}],"replies":[{"embeddable":true,"href":"https:\/\/frenoceramiche.it\/fr\/wp-json\/wp\/v2\/comments?post=1617"}],"version-history":[{"count":23,"href":"https:\/\/frenoceramiche.it\/fr\/wp-json\/wp\/v2\/pages\/1617\/revisions"}],"predecessor-version":[{"id":2552,"href":"https:\/\/frenoceramiche.it\/fr\/wp-json\/wp\/v2\/pages\/1617\/revisions\/2552"}],"wp:attachment":[{"href":"https:\/\/frenoceramiche.it\/fr\/wp-json\/wp\/v2\/media?parent=1617"}],"curies":[{"name":"wp","href":"https:\/\/api.w.org\/{rel}","templated":true}]}}